{"id":5386,"date":"2026-03-22T09:54:42","date_gmt":"2026-03-22T07:54:42","guid":{"rendered":"https:\/\/hillavillas.com\/villa\/ailo-2\/"},"modified":"2026-03-22T09:54:43","modified_gmt":"2026-03-22T07:54:43","slug":"villa-ailo","status":"publish","type":"villa","link":"https:\/\/hillavillas.com\/fi\/villa\/villa-ailo\/","title":{"rendered":"Villa Ailo"},"content":{"rendered":"<p>Hilla Villasin Ailo on avara, t\u00e4ydellisesti varusteltu kuuden makuuhuoneen huvila keskeisell\u00e4 sijainnilla. Ailo on valmistunut vuonna 2023 ja se on suunniteltu huolellisesti vastaamaan vaativimpienkin matkailijoiden tarpeita. Huvilassa voi majoittua mukavasti jopa nelj\u00e4toista (12 + 2) henkil\u00f6\u00e4 kuudessa makuuhuoneessa. T\u00e4m\u00e4n tilavan huvilan (245 m2 + 40 m2) modernissa sisustuksessa on k\u00e4ytetty useita pohjoismaisia design-tuotteita, jotka lis\u00e4\u00e4v\u00e4t kohteen ylellisyytt\u00e4 ja harmoniaa.<\/p>\n<\/p>\n<p>N\u00e4ytt\u00e4v\u00e4t lattiasta kattoon ulottuvat ikkunat tuovat lapin luonnon osaksi sisustusta. Kirkkaalla s\u00e4\u00e4ll\u00e4 voit nauttia t\u00e4htitaivaasta ja revontulista olohuoneen sohvalta k\u00e4sin takkatulen loimutessa. Ailon keitti\u00f6st\u00e4 l\u00f6ytyy kaikki tarpeellinen ylellist\u00e4 illallista varten, valmistat herkkuhetken sitten itse tai kokin avustuksella. Pitk\u00e4 tammip\u00f6yt\u00e4 (10+2) ja laaja astiasto mahdollistavat n\u00e4ytt\u00e4v\u00e4n kattauksen. <\/p>\n<\/p>\n<p>Jokainen Ailon makuuhuoneista on varustettu laadukkailla tyynyill\u00e4, peitoilla, sek\u00e4 leveill\u00e4 s\u00e4ngyill\u00e4. Viisi makuuhuoneista sijaitsee p\u00e4\u00e4rakennuksessa ja yksi erillisrakennuksessa. Erillinen makuuhuone on varusteltu omalla wc:ll\u00e4 ja 43\u201d televisiolla ollen ihanteellinen yksityisyytt\u00e4 hakevalle. Ailon vakiovarusteluun kuuluu laadukkaat petivaatteet ja suomalaiset Halo From North -pyyhkeet.<\/p>\n<\/p>\n<p>Ulkoilup\u00e4iv\u00e4n j\u00e4lkeen voit rentoutua omassa rauhassa isossa yhdeks\u00e4n hengen porealtaassa ja saunassa. Ailon yhteydess\u00e4 on kahden auton l\u00e4mmin lukittava autotalli, jossa voit ladata autosi ilmaiseksi. Suksia ja muita urheiluv\u00e4lineit\u00e4 varten on runsaasti s\u00e4ilytystilaa sek\u00e4 huoltopiste, jossa valmistelet v\u00e4lineesi seuraavaa lasku- tai hiihtop\u00e4iv\u00e4\u00e4 varten.<\/p>\n<\/p>\n<p>Erillisrakennuksen p\u00e4\u00e4dyst\u00e4 l\u00f6ytyy kelkkatalli, joka on vuokrattavissa erikseen. Kelkkatallissa on kaksi Lynx Rave Enduro -moottorikelkkaa, jotka ovat k\u00e4yt\u00f6ss\u00e4si vuokrauksen ajan ilman kilometrirajaa. Mukaan kuuluu my\u00f6s ajovarustus kyp\u00e4rineen.<\/p>\n<\/p>\n<p>Ailo sijaitsee rauhallisella sijainnilla n. 15 min. k\u00e4velymatkan p\u00e4\u00e4ss\u00e4 Levin kaikista palveluista. Kittil\u00e4n lentokent\u00e4lle on vain 15 min. ajomatka. Voit r\u00e4\u00e4t\u00e4l\u00f6id\u00e4 matkakokemuksestasi Ailossa entist\u00e4 mukavamman useiden mukautettavien palvelukokonaisuuksien kautta, oli tarpeesi sitten lentokentt\u00e4kyyti tai all inclusive -loma.<\/p>\n<\/p>\n<p>&nbsp;<\/p>\n<p>VARUSTELU:<\/p>\n<p>&nbsp;<\/p>\n<p>6 makuuhuonetta (2 x 180 cm + 8 x 90 cm s\u00e4ngyt + vuodesohva 2:lle), enint\u00e4\u00e4n 14 henkil\u00f6\u00e4<\/p>\n<p>4 wc:t\u00e4<\/p>\n<p>3 suihkua<\/p>\n<p>Varaava takka olohuoneessa (Tulikivi Saramo)<\/p>\n<p>Lattial\u00e4mmitys ja -j\u00e4\u00e4hdytys (maal\u00e4mp\u00f6)<\/p>\n<p>55-tuumainen \u00e4lytelevisio<\/p>\n<p>Langaton \u00e4\u00e4nij\u00e4rjestelm\u00e4 Genelec-kaiuttimilla<\/p>\n<p>Langaton 5G-internet<\/p>\n<p>Induktiokeittotaso \/ integroitu liesituuletin<\/p>\n<p>Ruokailuastiasto 24 hengelle<\/p>\n<p>Suuri patio, noin 60 m2<\/p>\n<p>Ulkoporeallas 9 hengelle<\/p>\n<p>Automaattinen ilmastointi<\/p>\n<p>Integroitu astianpesukone<\/p>\n<p>Integroitu j\u00e4\u00e4kaappi\/pakastin<\/p>\n<p>Integroitu uuni<\/p>\n<p>Mikroaaltouuni<\/p>\n<p>Kahvinkeitin ja vedenkeitin<\/p>\n<p>Leiv\u00e4npaahdin<\/p>\n<p>Pesukone<\/p>\n<p>Kuivauskaappi<\/p>\n<p>Silitysrauta ja silityslauta<\/p>\n<p>Hiustenkuivaaja (3 kpl)<\/p>\n<p>Huoltopalvelut<\/p>\n<p>Latauspiste kahdelle s\u00e4hk\u00f6autolle maal\u00e4mm\u00f6ll\u00e4 l\u00e4mmitetyss\u00e4 suuressa autotallissa<\/p>\n<p>Moottorikelkkojen s\u00e4ilytys maal\u00e4mm\u00f6ll\u00e4 l\u00e4mmitetyss\u00e4 tallissa<\/p>\n<p>&nbsp;<\/p>\n<p>&nbsp;<\/p>\n","protected":false},"template":"","destination":[158],"class_list":["post-5386","villa","type-villa","status-publish","hentry","villa_amenity-astianpesukone","villa_amenity-ski_service","villa_amenity-ice_maker","villa_amenity-wine_fridge","villa_amenity-sofa_bed","villa_amenity-speaker_wireless","villa_amenity-hi_fi_system","villa_amenity-conditioner","villa_amenity-cleaning_equipment","villa_amenity-air_conditioning","villa_amenity-garage","villa_amenity-valokuitu-ja-wifi","villa_amenity-pyykinpesukone","villa_amenity-ilmalampopumppu","villa_amenity-kuivausrumpu","villa_amenity-takka","villa_amenity-sahkosauna","villa_amenity-indoor_fireplace","villa_amenity-dryer","villa_amenity-ulkoporeamme","villa_amenity-pinnasanky","villa_amenity-viinikaappi","villa_amenity-hifi-jarjestelma","villa_amenity-ilmastointi","villa_amenity-turvaportti-portaissa","villa_amenity-siivousvalineet","villa_amenity-syottotuoli","villa_amenity-langaton-kaiutin","villa_amenity-washing_machine","villa_amenity-vuodesohva","villa_amenity-jaapalakone","villa_amenity-autotalli","villa_amenity-hoitoaine","villa_amenity-high_chair","villa_amenity-crib","villa_amenity-baby_safety_gates","villa_amenity-outdoor_hot_tub","villa_amenity-wifi","villa_amenity-heat_pump","villa_amenity-washer","villa_amenity-ground_heat","villa_amenity-ev_charging","villa_amenity-jacuzzi_outside","villa_amenity-ev_charger","villa_amenity-fully_equipped_kitchen","villa_amenity-dishwasher","villa_amenity-electric_sauna","villa_amenity-underfloor_heating","villa_amenity-body_soap","villa_amenity-shampoo","villa_amenity-towels","villa_amenity-tv","villa_amenity-drying_cabinet","villa_amenity-hair_dryer","villa_amenity-bed_linen","villa_amenity-hiustenkuivaaja","villa_amenity-wifi_fiber_optic_wlan","villa_amenity-wifi-fi","villa_amenity-lattialammitys","villa_amenity-tv-fi","villa_amenity-pyyhkeet","villa_amenity-shampoo-fi","villa_amenity-keittio","villa_amenity-ulkoporeallas","villa_amenity-kitchen","villa_amenity-maalampo-fi","villa_amenity-taysin-varusteltu-keittio","villa_amenity-sahkoauton-lataus-fi","villa_amenity-sahkoauton-lataus","villa_amenity-kuivauskaappi","villa_amenity-astianpesukone-fi","villa_amenity-suihkusaippua","villa_amenity-liinavaatteet","destination-levi","post","without-featured-image"],"acf":[],"yoast_head":"<!-- This site is optimized with the Yoast SEO plugin v27.4 - https:\/\/yoast.com\/product\/yoast-seo-wordpress\/ -->\n<title>Villa Ailo - Hilla Villas<\/title>\n<meta name=\"robots\" content=\"index, follow, max-snippet:-1, max-image-preview:large, max-video-preview:-1\" \/>\n<link rel=\"canonical\" href=\"https:\/\/hillavillas.com\/villa\/ailo\/\" \/>\n<meta property=\"og:locale\" content=\"fi_FI\" \/>\n<meta property=\"og:type\" content=\"article\" \/>\n<meta property=\"og:title\" content=\"Villa Ailo - Hilla Villas\" \/>\n<meta property=\"og:description\" content=\"Hilla Villasin Ailo on avara, t\u00e4ydellisesti varusteltu kuuden makuuhuoneen huvila keskeisell\u00e4 sijainnilla. Ailo on valmistunut vuonna 2023 ja se on &hellip;\" \/>\n<meta property=\"og:url\" content=\"https:\/\/hillavillas.com\/villa\/ailo\/\" \/>\n<meta property=\"og:site_name\" content=\"Hilla Villas\" \/>\n<meta property=\"article:publisher\" content=\"https:\/\/www.facebook.com\/hillavillas\" \/>\n<meta property=\"article:modified_time\" content=\"2026-03-22T07:54:43+00:00\" \/>\n<meta name=\"twitter:card\" content=\"summary_large_image\" \/>\n<meta name=\"twitter:label1\" content=\"Arvioitu lukuaika\" \/>\n\t<meta name=\"twitter:data1\" content=\"2 minuuttia\" \/>\n<script type=\"application\/ld+json\" class=\"yoast-schema-graph\">{\"@context\":\"https:\\\/\\\/schema.org\",\"@graph\":[{\"@type\":\"WebPage\",\"@id\":\"https:\\\/\\\/hillavillas.com\\\/villa\\\/ailo\\\/\",\"url\":\"https:\\\/\\\/hillavillas.com\\\/villa\\\/ailo\\\/\",\"name\":\"Villa Ailo - Hilla Villas\",\"isPartOf\":{\"@id\":\"https:\\\/\\\/hillavillas.com\\\/#website\"},\"datePublished\":\"2026-03-22T07:54:42+00:00\",\"dateModified\":\"2026-03-22T07:54:43+00:00\",\"breadcrumb\":{\"@id\":\"https:\\\/\\\/hillavillas.com\\\/villa\\\/ailo\\\/#breadcrumb\"},\"inLanguage\":\"fi\",\"potentialAction\":[{\"@type\":\"ReadAction\",\"target\":[\"https:\\\/\\\/hillavillas.com\\\/villa\\\/ailo\\\/\"]}]},{\"@type\":\"BreadcrumbList\",\"@id\":\"https:\\\/\\\/hillavillas.com\\\/villa\\\/ailo\\\/#breadcrumb\",\"itemListElement\":[{\"@type\":\"ListItem\",\"position\":1,\"name\":\"Home\",\"item\":\"https:\\\/\\\/hillavillas.com\\\/fi\\\/\"},{\"@type\":\"ListItem\",\"position\":2,\"name\":\"Villa Ailo\"}]},{\"@type\":\"WebSite\",\"@id\":\"https:\\\/\\\/hillavillas.com\\\/#website\",\"url\":\"https:\\\/\\\/hillavillas.com\\\/\",\"name\":\"Hilla Villas\",\"description\":\"\",\"publisher\":{\"@id\":\"https:\\\/\\\/hillavillas.com\\\/#organization\"},\"potentialAction\":[{\"@type\":\"SearchAction\",\"target\":{\"@type\":\"EntryPoint\",\"urlTemplate\":\"https:\\\/\\\/hillavillas.com\\\/?s={search_term_string}\"},\"query-input\":{\"@type\":\"PropertyValueSpecification\",\"valueRequired\":true,\"valueName\":\"search_term_string\"}}],\"inLanguage\":\"fi\"},{\"@type\":\"Organization\",\"@id\":\"https:\\\/\\\/hillavillas.com\\\/#organization\",\"name\":\"Hilla Villas\",\"url\":\"https:\\\/\\\/hillavillas.com\\\/\",\"logo\":{\"@type\":\"ImageObject\",\"inLanguage\":\"fi\",\"@id\":\"https:\\\/\\\/hillavillas.com\\\/#\\\/schema\\\/logo\\\/image\\\/\",\"url\":\"https:\\\/\\\/hillavillas.com\\\/wp-content\\\/uploads\\\/2023\\\/08\\\/hv-logo-dark.svg\",\"contentUrl\":\"https:\\\/\\\/hillavillas.com\\\/wp-content\\\/uploads\\\/2023\\\/08\\\/hv-logo-dark.svg\",\"width\":1,\"height\":1,\"caption\":\"Hilla Villas\"},\"image\":{\"@id\":\"https:\\\/\\\/hillavillas.com\\\/#\\\/schema\\\/logo\\\/image\\\/\"},\"sameAs\":[\"https:\\\/\\\/www.facebook.com\\\/hillavillas\",\"https:\\\/\\\/www.instagram.com\\\/hillavillas\"]}]}<\/script>\n<!-- \/ Yoast SEO plugin. -->","yoast_head_json":{"title":"Villa Ailo - Hilla Villas","robots":{"index":"index","follow":"follow","max-snippet":"max-snippet:-1","max-image-preview":"max-image-preview:large","max-video-preview":"max-video-preview:-1"},"canonical":"https:\/\/hillavillas.com\/villa\/ailo\/","og_locale":"fi_FI","og_type":"article","og_title":"Villa Ailo - Hilla Villas","og_description":"Hilla Villasin Ailo on avara, t\u00e4ydellisesti varusteltu kuuden makuuhuoneen huvila keskeisell\u00e4 sijainnilla. Ailo on valmistunut vuonna 2023 ja se on &hellip;","og_url":"https:\/\/hillavillas.com\/villa\/ailo\/","og_site_name":"Hilla Villas","article_publisher":"https:\/\/www.facebook.com\/hillavillas","article_modified_time":"2026-03-22T07:54:43+00:00","twitter_card":"summary_large_image","twitter_misc":{"Arvioitu lukuaika":"2 minuuttia"},"schema":{"@context":"https:\/\/schema.org","@graph":[{"@type":"WebPage","@id":"https:\/\/hillavillas.com\/villa\/ailo\/","url":"https:\/\/hillavillas.com\/villa\/ailo\/","name":"Villa Ailo - Hilla Villas","isPartOf":{"@id":"https:\/\/hillavillas.com\/#website"},"datePublished":"2026-03-22T07:54:42+00:00","dateModified":"2026-03-22T07:54:43+00:00","breadcrumb":{"@id":"https:\/\/hillavillas.com\/villa\/ailo\/#breadcrumb"},"inLanguage":"fi","potentialAction":[{"@type":"ReadAction","target":["https:\/\/hillavillas.com\/villa\/ailo\/"]}]},{"@type":"BreadcrumbList","@id":"https:\/\/hillavillas.com\/villa\/ailo\/#breadcrumb","itemListElement":[{"@type":"ListItem","position":1,"name":"Home","item":"https:\/\/hillavillas.com\/fi\/"},{"@type":"ListItem","position":2,"name":"Villa Ailo"}]},{"@type":"WebSite","@id":"https:\/\/hillavillas.com\/#website","url":"https:\/\/hillavillas.com\/","name":"Hilla Villas","description":"","publisher":{"@id":"https:\/\/hillavillas.com\/#organization"},"potentialAction":[{"@type":"SearchAction","target":{"@type":"EntryPoint","urlTemplate":"https:\/\/hillavillas.com\/?s={search_term_string}"},"query-input":{"@type":"PropertyValueSpecification","valueRequired":true,"valueName":"search_term_string"}}],"inLanguage":"fi"},{"@type":"Organization","@id":"https:\/\/hillavillas.com\/#organization","name":"Hilla Villas","url":"https:\/\/hillavillas.com\/","logo":{"@type":"ImageObject","inLanguage":"fi","@id":"https:\/\/hillavillas.com\/#\/schema\/logo\/image\/","url":"https:\/\/hillavillas.com\/wp-content\/uploads\/2023\/08\/hv-logo-dark.svg","contentUrl":"https:\/\/hillavillas.com\/wp-content\/uploads\/2023\/08\/hv-logo-dark.svg","width":1,"height":1,"caption":"Hilla Villas"},"image":{"@id":"https:\/\/hillavillas.com\/#\/schema\/logo\/image\/"},"sameAs":["https:\/\/www.facebook.com\/hillavillas","https:\/\/www.instagram.com\/hillavillas"]}]}},"_links":{"self":[{"href":"https:\/\/hillavillas.com\/fi\/wp-json\/wp\/v2\/villa\/5386","targetHints":{"allow":["GET"]}}],"collection":[{"href":"https:\/\/hillavillas.com\/fi\/wp-json\/wp\/v2\/villa"}],"about":[{"href":"https:\/\/hillavillas.com\/fi\/wp-json\/wp\/v2\/types\/villa"}],"wp:attachment":[{"href":"https:\/\/hillavillas.com\/fi\/wp-json\/wp\/v2\/media?parent=5386"}],"wp:term":[{"taxonomy":"destination","embeddable":true,"href":"https:\/\/hillavillas.com\/fi\/wp-json\/wp\/v2\/destination?post=5386"}],"curies":[{"name":"wp","href":"https:\/\/api.w.org\/{rel}","templated":true}]}}